{"id":262,"date":"2023-05-19T09:45:29","date_gmt":"2023-05-19T09:45:50","guid":{"rendered":"https:\/\/aismolenbeek.be\/m-a-i-s-5\/"},"modified":"2023-11-29T11:20:48","modified_gmt":"2023-11-29T11:20:48","slug":"qui-sommes-nous","status":"publish","type":"page","link":"https:\/\/aismolenbeek.be\/nl\/qui-sommes-nous\/","title":{"rendered":"Wie zijn we ?"},"content":{"rendered":"\t\t<div data-elementor-type=\"wp-page\" data-elementor-id=\"262\" class=\"elementor elementor-262\" data-elementor-post-type=\"page\">\n\t\t\t\t<div class=\"elementor-element elementor-element-6b312c2 e-con-full e-flex e-con e-parent\" data-id=\"6b312c2\" data-element_type=\"container\" data-e-type=\"container\">\n\t\t<div class=\"elementor-element elementor-element-0b4f94d e-flex e-con-boxed e-con e-child\" data-id=\"0b4f94d\" data-element_type=\"container\" data-e-type=\"container\">\n\t\t\t\t\t<div class=\"e-con-inner\">\n\t\t<div class=\"elementor-element elementor-element-774d048 e-flex e-con-boxed e-con e-child\" data-id=\"774d048\" data-element_type=\"container\" data-e-type=\"container\">\n\t\t\t\t\t<div class=\"e-con-inner\">\n\t\t<div class=\"elementor-element elementor-element-7b6b6df e-con-full e-flex e-con e-child\" data-id=\"7b6b6df\" data-element_type=\"container\" data-e-type=\"container\">\n\t\t\t\t<div class=\"elementor-element elementor-element-93ad8c1 elementor-widget elementor-widget-heading\" data-id=\"93ad8c1\" data-element_type=\"widget\" data-e-type=\"widget\" data-widget_type=\"heading.default\">\n\t\t\t\t<div class=\"elementor-widget-container\">\n\t\t\t\t\t<h2 class=\"elementor-heading-title elementor-size-default\">Qui sommes-nous ?<\/h2>\t\t\t\t<\/div>\n\t\t\t\t<\/div>\n\t\t\t\t<div class=\"elementor-element elementor-element-34c01df elementor-widget elementor-widget-text-editor\" data-id=\"34c01df\" data-element_type=\"widget\" data-e-type=\"widget\" data-widget_type=\"text-editor.default\">\n\t\t\t\t<div class=\"elementor-widget-container\">\n\t\t\t\t\t\t\t\t\tLa <span class=\"lettreAcc\">MAIS<\/span> (\u00ab La Molenbeekoise \u00bb &#8211; agence immobili\u00e8re sociale) est une ASBL reconnue, agr\u00e9\u00e9e et subsidi\u00e9e par la R\u00e9gion de Bruxelles-Capitale. Elle a \u00e9t\u00e9 cr\u00e9\u00e9e le 30 octobre 2003 avec le concours de la commune de Molenbeek-Saint-Jean. Elle associe plusieurs partenaires publics et associatifs sp\u00e9cialis\u00e9s : CPAS, Lutte contre l\u2019exclusion sociale, Bonnevie, Larue, maisons m\u00e9dicales,\u2026.\t\t\t\t\t\t\t\t<\/div>\n\t\t\t\t<\/div>\n\t\t\t\t<div class=\"elementor-element elementor-element-96b51fb elementor-widget elementor-widget-text-editor\" data-id=\"96b51fb\" data-element_type=\"widget\" data-e-type=\"widget\" data-widget_type=\"text-editor.default\">\n\t\t\t\t<div class=\"elementor-widget-container\">\n\t\t\t\t\t\t\t\t\tL\u2019action de la <span class=\"lettreAcc\">MAIS<\/span> porte principalement sur les logements priv\u00e9s et publics \u00e0 Molenbeek ainsi que ceux des communes limitrophes.\t\t\t\t\t\t\t\t<\/div>\n\t\t\t\t<\/div>\n\t\t\t\t<div class=\"elementor-element elementor-element-4f3175a elementor-absolute elementor-widget elementor-widget-image\" data-id=\"4f3175a\" data-element_type=\"widget\" data-e-type=\"widget\" data-settings=\"{&quot;_position&quot;:&quot;absolute&quot;,&quot;motion_fx_motion_fx_scrolling&quot;:&quot;yes&quot;,&quot;motion_fx_translateY_effect&quot;:&quot;yes&quot;,&quot;motion_fx_translateY_speed&quot;:{&quot;unit&quot;:&quot;px&quot;,&quot;size&quot;:1,&quot;sizes&quot;:[]},&quot;motion_fx_translateY_affectedRange&quot;:{&quot;unit&quot;:&quot;%&quot;,&quot;size&quot;:&quot;&quot;,&quot;sizes&quot;:{&quot;start&quot;:0,&quot;end&quot;:100}},&quot;motion_fx_devices&quot;:[&quot;desktop&quot;,&quot;tablet_extra&quot;,&quot;tablet&quot;,&quot;mobile&quot;]}\" data-widget_type=\"image.default\">\n\t\t\t\t<div class=\"elementor-widget-container\">\n\t\t\t\t\t\t\t\t\t\t\t\t\t\t\t<img decoding=\"async\" width=\"157\" height=\"265\" src=\"https:\/\/aismolenbeek.be\/wp-content\/uploads\/2023\/06\/fenetre-2@2x-1.png\" class=\"attachment-large size-large wp-image-1248\" alt=\"\" \/>\t\t\t\t\t\t\t\t\t\t\t\t\t\t\t<\/div>\n\t\t\t\t<\/div>\n\t\t\t\t<\/div>\n\t\t\t\t<div class=\"elementor-element elementor-element-e207e3e elementor-widget__width-inherit elementor-widget elementor-widget-image\" data-id=\"e207e3e\" data-element_type=\"widget\" data-e-type=\"widget\" data-widget_type=\"image.default\">\n\t\t\t\t<div class=\"elementor-widget-container\">\n\t\t\t\t\t\t\t\t\t\t\t\t\t\t\t<img fetchpriority=\"high\" decoding=\"async\" width=\"618\" height=\"739\" src=\"https:\/\/aismolenbeek.be\/wp-content\/uploads\/2023\/09\/Plan-de-travail-31@2x.png\" class=\"attachment-full size-full wp-image-1579\" alt=\"\" srcset=\"https:\/\/aismolenbeek.be\/wp-content\/uploads\/2023\/09\/Plan-de-travail-31@2x.png 618w, https:\/\/aismolenbeek.be\/wp-content\/uploads\/2023\/09\/Plan-de-travail-31@2x-251x300.png 251w\" sizes=\"(max-width: 618px) 100vw, 618px\" \/>\t\t\t\t\t\t\t\t\t\t\t\t\t\t\t<\/div>\n\t\t\t\t<\/div>\n\t\t\t\t\t<\/div>\n\t\t\t\t<\/div>\n\t\t\t\t<div class=\"elementor-element elementor-element-ee8d35f elementor-widget elementor-widget-image\" data-id=\"ee8d35f\" data-element_type=\"widget\" data-e-type=\"widget\" data-widget_type=\"image.default\">\n\t\t\t\t<div class=\"elementor-widget-container\">\n\t\t\t\t\t\t\t\t\t\t\t\t\t\t\t<img decoding=\"async\" width=\"1018\" height=\"244\" src=\"https:\/\/aismolenbeek.be\/wp-content\/uploads\/2023\/09\/batiment-mais-copie@2x.png\" class=\"attachment-full size-full wp-image-1696\" alt=\"\" srcset=\"https:\/\/aismolenbeek.be\/wp-content\/uploads\/2023\/09\/batiment-mais-copie@2x.png 1018w, https:\/\/aismolenbeek.be\/wp-content\/uploads\/2023\/09\/batiment-mais-copie@2x-300x72.png 300w, https:\/\/aismolenbeek.be\/wp-content\/uploads\/2023\/09\/batiment-mais-copie@2x-768x184.png 768w\" sizes=\"(max-width: 1018px) 100vw, 1018px\" \/>\t\t\t\t\t\t\t\t\t\t\t\t\t\t\t<\/div>\n\t\t\t\t<\/div>\n\t\t\t\t<div class=\"elementor-element elementor-element-db0cf42 elementor-widget__width-initial elementor-widget elementor-widget-text-editor\" data-id=\"db0cf42\" data-element_type=\"widget\" data-e-type=\"widget\" data-widget_type=\"text-editor.default\">\n\t\t\t\t<div class=\"elementor-widget-container\">\n\t\t\t\t\t\t\t\t\tAu quotidien, les collaborateurs de la\u00a0<span class=\"lettreAcc\">MAIS<\/span> s\u2019att\u00e8lent \u00e0 :\t\t\t\t\t\t\t\t<\/div>\n\t\t\t\t<\/div>\n\t\t\t\t<div class=\"elementor-element elementor-element-d75ae52 elementor-widget__width-initial elementor-icon-list--layout-traditional elementor-list-item-link-full_width elementor-widget elementor-widget-icon-list\" data-id=\"d75ae52\" data-element_type=\"widget\" data-e-type=\"widget\" data-widget_type=\"icon-list.default\">\n\t\t\t\t<div class=\"elementor-widget-container\">\n\t\t\t\t\t\t\t<ul class=\"elementor-icon-list-items\">\n\t\t\t\t\t\t\t<li class=\"elementor-icon-list-item\">\n\t\t\t\t\t\t\t\t\t\t\t<span class=\"elementor-icon-list-icon\">\n\t\t\t\t\t\t\t<svg aria-hidden=\"true\" class=\"e-font-icon-svg e-fas-thumbs-up\" viewBox=\"0 0 512 512\" xmlns=\"http:\/\/www.w3.org\/2000\/svg\"><path d=\"M104 224H24c-13.255 0-24 10.745-24 24v240c0 13.255 10.745 24 24 24h80c13.255 0 24-10.745 24-24V248c0-13.255-10.745-24-24-24zM64 472c-13.255 0-24-10.745-24-24s10.745-24 24-24 24 10.745 24 24-10.745 24-24 24zM384 81.452c0 42.416-25.97 66.208-33.277 94.548h101.723c33.397 0 59.397 27.746 59.553 58.098.084 17.938-7.546 37.249-19.439 49.197l-.11.11c9.836 23.337 8.237 56.037-9.308 79.469 8.681 25.895-.069 57.704-16.382 74.757 4.298 17.598 2.244 32.575-6.148 44.632C440.202 511.587 389.616 512 346.839 512l-2.845-.001c-48.287-.017-87.806-17.598-119.56-31.725-15.957-7.099-36.821-15.887-52.651-16.178-6.54-.12-11.783-5.457-11.783-11.998v-213.77c0-3.2 1.282-6.271 3.558-8.521 39.614-39.144 56.648-80.587 89.117-113.111 14.804-14.832 20.188-37.236 25.393-58.902C282.515 39.293 291.817 0 312 0c24 0 72 8 72 81.452z\"><\/path><\/svg>\t\t\t\t\t\t<\/span>\n\t\t\t\t\t\t\t\t\t\t<span class=\"elementor-icon-list-text\">Renseigner, accompagner les candidats propri\u00e9taires et les propri\u00e9taires dans la prise en gestion de leur bien (suivi technique et administratif)<\/span>\n\t\t\t\t\t\t\t\t\t<\/li>\n\t\t\t\t\t\t\t\t<li class=\"elementor-icon-list-item\">\n\t\t\t\t\t\t\t\t\t\t\t<span class=\"elementor-icon-list-icon\">\n\t\t\t\t\t\t\t<svg aria-hidden=\"true\" class=\"e-font-icon-svg e-fas-thumbs-up\" viewBox=\"0 0 512 512\" xmlns=\"http:\/\/www.w3.org\/2000\/svg\"><path d=\"M104 224H24c-13.255 0-24 10.745-24 24v240c0 13.255 10.745 24 24 24h80c13.255 0 24-10.745 24-24V248c0-13.255-10.745-24-24-24zM64 472c-13.255 0-24-10.745-24-24s10.745-24 24-24 24 10.745 24 24-10.745 24-24 24zM384 81.452c0 42.416-25.97 66.208-33.277 94.548h101.723c33.397 0 59.397 27.746 59.553 58.098.084 17.938-7.546 37.249-19.439 49.197l-.11.11c9.836 23.337 8.237 56.037-9.308 79.469 8.681 25.895-.069 57.704-16.382 74.757 4.298 17.598 2.244 32.575-6.148 44.632C440.202 511.587 389.616 512 346.839 512l-2.845-.001c-48.287-.017-87.806-17.598-119.56-31.725-15.957-7.099-36.821-15.887-52.651-16.178-6.54-.12-11.783-5.457-11.783-11.998v-213.77c0-3.2 1.282-6.271 3.558-8.521 39.614-39.144 56.648-80.587 89.117-113.111 14.804-14.832 20.188-37.236 25.393-58.902C282.515 39.293 291.817 0 312 0c24 0 72 8 72 81.452z\"><\/path><\/svg>\t\t\t\t\t\t<\/span>\n\t\t\t\t\t\t\t\t\t\t<span class=\"elementor-icon-list-text\">Recevoir les candidats-locataires afin de proc\u00e9der \u00e0 une inscription ou \u00e0 acter tout changement de situation familiale<\/span>\n\t\t\t\t\t\t\t\t\t<\/li>\n\t\t\t\t\t\t\t\t<li class=\"elementor-icon-list-item\">\n\t\t\t\t\t\t\t\t\t\t\t<span class=\"elementor-icon-list-icon\">\n\t\t\t\t\t\t\t<svg aria-hidden=\"true\" class=\"e-font-icon-svg e-fas-thumbs-up\" viewBox=\"0 0 512 512\" xmlns=\"http:\/\/www.w3.org\/2000\/svg\"><path d=\"M104 224H24c-13.255 0-24 10.745-24 24v240c0 13.255 10.745 24 24 24h80c13.255 0 24-10.745 24-24V248c0-13.255-10.745-24-24-24zM64 472c-13.255 0-24-10.745-24-24s10.745-24 24-24 24 10.745 24 24-10.745 24-24 24zM384 81.452c0 42.416-25.97 66.208-33.277 94.548h101.723c33.397 0 59.397 27.746 59.553 58.098.084 17.938-7.546 37.249-19.439 49.197l-.11.11c9.836 23.337 8.237 56.037-9.308 79.469 8.681 25.895-.069 57.704-16.382 74.757 4.298 17.598 2.244 32.575-6.148 44.632C440.202 511.587 389.616 512 346.839 512l-2.845-.001c-48.287-.017-87.806-17.598-119.56-31.725-15.957-7.099-36.821-15.887-52.651-16.178-6.54-.12-11.783-5.457-11.783-11.998v-213.77c0-3.2 1.282-6.271 3.558-8.521 39.614-39.144 56.648-80.587 89.117-113.111 14.804-14.832 20.188-37.236 25.393-58.902C282.515 39.293 291.817 0 312 0c24 0 72 8 72 81.452z\"><\/path><\/svg>\t\t\t\t\t\t<\/span>\n\t\t\t\t\t\t\t\t\t\t<span class=\"elementor-icon-list-text\">Assurer un suivi social, administratif et technique \u00e0 tous nos locataires<\/span>\n\t\t\t\t\t\t\t\t\t<\/li>\n\t\t\t\t\t\t<\/ul>\n\t\t\t\t\t\t<\/div>\n\t\t\t\t<\/div>\n\t\t\t\t\t<\/div>\n\t\t\t\t<\/div>\n\t\t\t\t<\/div>\n\t\t<div class=\"elementor-element elementor-element-c9fdbe9 e-con-full e-flex e-con e-parent\" data-id=\"c9fdbe9\" data-element_type=\"container\" data-e-type=\"container\" data-settings=\"{&quot;background_background&quot;:&quot;classic&quot;}\">\n\t\t\t\t<\/div>\n\t\t<div class=\"elementor-element elementor-element-edcc82a e-con-full e-flex e-con e-parent\" data-id=\"edcc82a\" data-element_type=\"container\" data-e-type=\"container\" data-settings=\"{&quot;background_background&quot;:&quot;classic&quot;}\">\n\t\t<div class=\"elementor-element elementor-element-6f51e99 e-flex e-con-boxed e-con e-child\" data-id=\"6f51e99\" data-element_type=\"container\" data-e-type=\"container\">\n\t\t\t\t\t<div class=\"e-con-inner\">\n\t\t\t\t<div class=\"elementor-element elementor-element-874f6cf elementor-widget elementor-widget-heading\" data-id=\"874f6cf\" data-element_type=\"widget\" data-e-type=\"widget\" data-widget_type=\"heading.default\">\n\t\t\t\t<div class=\"elementor-widget-container\">\n\t\t\t\t\t<h2 class=\"elementor-heading-title elementor-size-default\">MAIS asbl\n<\/h2>\t\t\t\t<\/div>\n\t\t\t\t<\/div>\n\t\t\t\t<div class=\"elementor-element elementor-element-bac252f elementor-widget elementor-widget-text-editor\" data-id=\"bac252f\" data-element_type=\"widget\" data-e-type=\"widget\" data-widget_type=\"text-editor.default\">\n\t\t\t\t<div class=\"elementor-widget-container\">\n\t\t\t\t\t\t\t\t\t<p>Rue Potaerdegat 22-24<br \/>1080 Molenbeek-Saint-Jean<\/p><p>info@aismolenbeek.be<\/p><p>02\/899.96.89<\/p>\t\t\t\t\t\t\t\t<\/div>\n\t\t\t\t<\/div>\n\t\t\t\t\t<\/div>\n\t\t\t\t<\/div>\n\t\t<div class=\"elementor-element elementor-element-5dcf2d2 e-con-full e-flex e-con e-child\" data-id=\"5dcf2d2\" data-element_type=\"container\" data-e-type=\"container\">\n\t\t\t\t<div class=\"elementor-element elementor-element-413eb3e elementor-view-default elementor-widget elementor-widget-icon\" data-id=\"413eb3e\" data-element_type=\"widget\" data-e-type=\"widget\" data-widget_type=\"icon.default\">\n\t\t\t\t<div class=\"elementor-widget-container\">\n\t\t\t\t\t\t\t<div class=\"elementor-icon-wrapper\">\n\t\t\t<div class=\"elementor-icon\">\n\t\t\t<svg aria-hidden=\"true\" class=\"e-font-icon-svg e-fas-fan\" viewBox=\"0 0 512 512\" xmlns=\"http:\/\/www.w3.org\/2000\/svg\"><path d=\"M352.57 128c-28.09 0-54.09 4.52-77.06 12.86l12.41-123.11C289 7.31 279.81-1.18 269.33.13 189.63 10.13 128 77.64 128 159.43c0 28.09 4.52 54.09 12.86 77.06L17.75 224.08C7.31 223-1.18 232.19.13 242.67c10 79.7 77.51 141.33 159.3 141.33 28.09 0 54.09-4.52 77.06-12.86l-12.41 123.11c-1.05 10.43 8.11 18.93 18.59 17.62 79.7-10 141.33-77.51 141.33-159.3 0-28.09-4.52-54.09-12.86-77.06l123.11 12.41c10.44 1.05 18.93-8.11 17.62-18.59-10-79.7-77.51-141.33-159.3-141.33zM256 288a32 32 0 1 1 32-32 32 32 0 0 1-32 32z\"><\/path><\/svg>\t\t\t<\/div>\n\t\t<\/div>\n\t\t\t\t\t\t<\/div>\n\t\t\t\t<\/div>\n\t\t\t\t<div class=\"elementor-element elementor-element-9c4a138 elementor-widget elementor-widget-text-editor\" data-id=\"9c4a138\" data-element_type=\"widget\" data-e-type=\"widget\" data-widget_type=\"text-editor.default\">\n\t\t\t\t<div class=\"elementor-widget-container\">\n\t\t\t\t\t\t\t\t\t<p>Association Sans But Lucratif<br \/>N\u00b0 d&rsquo;entreprise : 861-262-406<\/p><p>Agr\u00e9\u00e9e en tant qu&rsquo;agence immobili\u00e8re sociale par le Gouvernement de la R\u00e9gion de Bruxelles-Capitale le 04\/03\/09<\/p>\t\t\t\t\t\t\t\t<\/div>\n\t\t\t\t<\/div>\n\t\t\t\t<\/div>\n\t\t<div class=\"elementor-element elementor-element-b96dffb e-flex e-con-boxed e-con e-child\" data-id=\"b96dffb\" data-element_type=\"container\" data-e-type=\"container\">\n\t\t\t\t\t<div class=\"e-con-inner\">\n\t\t\t\t<div class=\"elementor-element elementor-element-078e265 elementor-widget elementor-widget-image\" data-id=\"078e265\" data-element_type=\"widget\" data-e-type=\"widget\" data-widget_type=\"image.default\">\n\t\t\t\t<div class=\"elementor-widget-container\">\n\t\t\t\t\t\t\t\t\t\t\t\t\t\t\t<img loading=\"lazy\" decoding=\"async\" width=\"235\" height=\"397\" src=\"https:\/\/aismolenbeek.be\/wp-content\/uploads\/2023\/09\/porte-2-copie@3x.png\" class=\"attachment-full size-full wp-image-1704\" alt=\"\" srcset=\"https:\/\/aismolenbeek.be\/wp-content\/uploads\/2023\/09\/porte-2-copie@3x.png 235w, https:\/\/aismolenbeek.be\/wp-content\/uploads\/2023\/09\/porte-2-copie@3x-178x300.png 178w\" sizes=\"(max-width: 235px) 100vw, 235px\" \/>\t\t\t\t\t\t\t\t\t\t\t\t\t\t\t<\/div>\n\t\t\t\t<\/div>\n\t\t\t\t<div class=\"elementor-element elementor-element-6d3f9e8 elementor-absolute elementor-widget elementor-widget-image\" data-id=\"6d3f9e8\" data-element_type=\"widget\" data-e-type=\"widget\" data-settings=\"{&quot;_position&quot;:&quot;absolute&quot;,&quot;motion_fx_motion_fx_scrolling&quot;:&quot;yes&quot;,&quot;motion_fx_translateY_effect&quot;:&quot;yes&quot;,&quot;motion_fx_translateY_speed&quot;:{&quot;unit&quot;:&quot;px&quot;,&quot;size&quot;:1,&quot;sizes&quot;:[]},&quot;motion_fx_translateY_affectedRange&quot;:{&quot;unit&quot;:&quot;%&quot;,&quot;size&quot;:&quot;&quot;,&quot;sizes&quot;:{&quot;start&quot;:0,&quot;end&quot;:100}},&quot;motion_fx_devices&quot;:[&quot;desktop&quot;,&quot;tablet_extra&quot;,&quot;tablet&quot;,&quot;mobile&quot;]}\" data-widget_type=\"image.default\">\n\t\t\t\t<div class=\"elementor-widget-container\">\n\t\t\t\t\t\t\t\t\t\t\t\t\t\t\t<img loading=\"lazy\" decoding=\"async\" width=\"157\" height=\"265\" src=\"https:\/\/aismolenbeek.be\/wp-content\/uploads\/2023\/06\/porte-1@2x-1.png\" class=\"attachment-large size-large wp-image-1253\" alt=\"\" \/>\t\t\t\t\t\t\t\t\t\t\t\t\t\t\t<\/div>\n\t\t\t\t<\/div>\n\t\t\t\t\t<\/div>\n\t\t\t\t<\/div>\n\t\t\t\t<\/div>\n\t\t<div class=\"elementor-element elementor-element-f59c55f e-con-full e-flex e-con e-parent\" data-id=\"f59c55f\" data-element_type=\"container\" data-e-type=\"container\" data-settings=\"{&quot;background_background&quot;:&quot;classic&quot;}\">\n\t\t\t\t<\/div>\n\t\t\t\t<\/div>\n\t\t","protected":false},"excerpt":{"rendered":"<p>Qui sommes-nous ? La MAIS (\u00ab La Molenbeekoise \u00bb &#8211; agence immobili\u00e8re sociale) est une ASBL reconnue, agr\u00e9\u00e9e et subsidi\u00e9e par la R\u00e9gion de Bruxelles-Capitale. Elle a \u00e9t\u00e9 cr\u00e9\u00e9e le 30 octobre 2003 avec le concours de la commune de Molenbeek-Saint-Jean. Elle associe plusieurs partenaires publics et associatifs sp\u00e9cialis\u00e9s : CPAS, Lutte contre l\u2019exclusion sociale, [&hellip;]<\/p>\n","protected":false},"author":1,"featured_media":0,"parent":0,"menu_order":2,"comment_status":"closed","ping_status":"closed","template":"","meta":{"footnotes":""},"class_list":["post-262","page","type-page","status-publish","hentry"],"_links":{"self":[{"href":"https:\/\/aismolenbeek.be\/nl\/wp-json\/wp\/v2\/pages\/262","targetHints":{"allow":["GET"]}}],"collection":[{"href":"https:\/\/aismolenbeek.be\/nl\/wp-json\/wp\/v2\/pages"}],"about":[{"href":"https:\/\/aismolenbeek.be\/nl\/wp-json\/wp\/v2\/types\/page"}],"author":[{"embeddable":true,"href":"https:\/\/aismolenbeek.be\/nl\/wp-json\/wp\/v2\/users\/1"}],"replies":[{"embeddable":true,"href":"https:\/\/aismolenbeek.be\/nl\/wp-json\/wp\/v2\/comments?post=262"}],"version-history":[{"count":5,"href":"https:\/\/aismolenbeek.be\/nl\/wp-json\/wp\/v2\/pages\/262\/revisions"}],"predecessor-version":[{"id":2502,"href":"https:\/\/aismolenbeek.be\/nl\/wp-json\/wp\/v2\/pages\/262\/revisions\/2502"}],"wp:attachment":[{"href":"https:\/\/aismolenbeek.be\/nl\/wp-json\/wp\/v2\/media?parent=262"}],"curies":[{"name":"wp","href":"https:\/\/api.w.org\/{rel}","templated":true}]}}